{"id":1116,"date":"2024-10-08T18:03:38","date_gmt":"2024-10-08T16:03:38","guid":{"rendered":"https:\/\/www.ampaiesvilamajor.cat\/?page_id=1116"},"modified":"2025-09-22T19:01:28","modified_gmt":"2025-09-22T18:01:28","slug":"qui-som","status":"publish","type":"page","link":"https:\/\/www.ampaiesvilamajor.cat\/","title":{"rendered":"Qui som?"},"content":{"rendered":"\n<p>L\u2019AMPA est\u00e0 formada per un grup de fam\u00edlies que col\u00b7laborem de manera volunt\u00e0ria i desinteressada per implicar-nos en la vida educativa dels nostres fills i filles i contribuir a la millora del nostre Institut.<\/p>\n\n\n\n<hr class=\"wp-block-separator has-alpha-channel-opacity\"\/>\n\n\n\n<p><strong>Quines finalitats t\u00e9 l\u2019AMPA?<\/strong><\/p>\n\n\n<p>\n\n\n<ul class=\"wp-block-list\">\n<li>Facilitar la relaci\u00f3 entre les fam\u00edlies, la direcci\u00f3 i el professorat de l\u2019Institut.<\/li>\n\n\n\n<li>Proposar activitats i fer suggeriments sobre el funcionament de l\u2019Institut.<\/li>\n\n\n\n<li>Vetllar per la qualitat educativa del centre educatiu.<\/li>\n\n\n\n<li>Representar a les fam\u00edlies al Consell Escolar i a la Comissi\u00f3 de Conviv\u00e8ncia.<\/li>\n\n\n\n<li>Orientar a les fam\u00edlies sobre els seus drets i deures.<\/li>\n\n\n\n<li>Fer propostes per millorar l\u2019Institut en infraestructures i activitats diverses.<\/li>\n<\/ul>\n\n\n<\/p>\n\n\n<p>Per\u00f2 per assolir aquestes fites, cal la participaci\u00f3 activa de totes les fam\u00edlies dels alumnes del centre. <strong>L\u2019AMPA \u00c9S COSA DE TOTHOM!<\/strong><\/p>\n\n\n\n<hr class=\"wp-block-separator has-alpha-channel-opacity\"\/>\n\n\n\n<p><strong>Com puc formar part de l\u2019AMPA?<\/strong><\/p>\n\n\n\n<p>La quota anual de participaci\u00f3 a l\u2019AMPA \u00e9s de 20 euros per fam\u00edlia, que podeu fer efectius a l\u2019inici de curs a trav\u00e9s de l\u2019aplicaci\u00f3 TPV-Escola.<\/p>\n\n\n\n<p>Per tal de poder informar de les activitats i not\u00edcies d&#8217;inter\u00e8s, heu de cedir les vostres dades a trav\u00e9s del document que us envia anualment l&#8217;Institut o a trav\u00e9s de l\u2019aplicaci\u00f3 TPV-Escola. Si no les heu cedit, cal que envieu un correu a <a href=\"mailto:ampa@insvilamajor.cat\">ampa@insvilamajor.cat<\/a><\/p>\n\n\n\n<hr class=\"wp-block-separator has-alpha-channel-opacity\"\/>\n\n\n\n<p><strong>Qui forma part de la la Junta?<\/strong><\/p>\n\n\n\n<p>Actualment, la Junta de l\u2019AMPA est\u00e0 formada per:<\/p>\n\n\n\n<figure class=\"wp-block-table is-style-stripes\"><table class=\"has-fixed-layout\"><tbody><tr><td><strong>NOM i C\u00c0RREC<\/strong><\/td><td><strong>CURSOS DELS FILLS\/FILLES<\/strong><\/td><td><strong>COMISSIONS<\/strong><\/td><\/tr><tr><td>N\u00faria Mut<br>Presidenta<\/td><td>2n Batxillerat \/ 4t ESO<\/td><td>Legal i subvencions<\/td><\/tr><tr><td>Jabi Maguregi<br>Tresorer<\/td><td>2n Batxillerat<\/td><td>Econ\u00f2mica<\/td><\/tr><tr><td>Elisenda Ram\u00edrez<br>Secret\u00e0ria<\/td><td>4t ESO<\/td><td>Web i Consell Escolar<\/td><\/tr><tr><td>Esther Collado<br>Vocal<\/td><td>4t ESO<\/td><td>Econ\u00f2mica<\/td><\/tr><tr><td>Anna Arqu\u00e9<br>Vocal<\/td><td>4t ESO<\/td><td>Comunicaci\u00f3<\/td><\/tr><tr><td>Montse Vila<br>Vocal<\/td><td>4t ESO<\/td><td>Comunicaci\u00f3<\/td><\/tr><tr><td>J\u00e9ssica P\u00e9rez<br>Vocal<\/td><td>4t ESO<\/td><td>Comunicaci\u00f3<\/td><\/tr><tr><td>Dolors Ventura<\/td><td>1r ESO<\/td><td>Comunicaci\u00f3<\/td><\/tr><tr><td>Bibiana Azor\u00edn<\/td><td>1r ESO<\/td><td>Comunicaci\u00f3<\/td><\/tr><tr><td>Carme Pujol<br>Vocal<\/td><td>4t ESO<\/td><td>Activitats culturals i educatives<\/td><\/tr><tr><td>Blanca Riera<\/td><td>1r Batxillerat<\/td><td>Activitats culturals i educatives<\/td><\/tr><tr><td>Susana Saiz<\/td><td>1r ESO<\/td><td>Activitats culturals i educatives<\/td><\/tr><\/tbody><\/table><\/figure>\n\n\n\n<hr class=\"wp-block-separator has-alpha-channel-opacity\"\/>\n\n\n\n<p><strong>Com puc ser membre de la Junta?<\/strong><\/p>\n\n\n\n<p>Si esteu interessats\/des en col\u00b7laborar o formar part de la Junta de l\u2019AMPA, podeu enviar-nos un correu electr\u00f2nic a <a href=\"mailto:ampa@insvilamajor.cat\">ampa@insvilamajor.cat<\/a><\/p>\n","protected":false},"excerpt":{"rendered":"<p>L\u2019AMPA est\u00e0 formada per un grup de fam\u00edlies que col\u00b7laborem de manera volunt\u00e0ria i desinteressada per implicar-nos en la vida educativa dels nostres fills i filles i contribuir a la millora del nostre Institut. Quines finalitats t\u00e9 l\u2019AMPA? Per\u00f2 per assolir aquestes fites, cal la participaci\u00f3 activa de totes les fam\u00edlies dels alumnes del centre. &hellip; <\/p>\n<p class=\"link-more\"><a href=\"https:\/\/www.ampaiesvilamajor.cat\/\" class=\"more-link\">Continue reading<span class=\"screen-reader-text\"> &#8220;Qui som?&#8221;<\/span><\/a><\/p>\n","protected":false},"author":1,"featured_media":0,"parent":0,"menu_order":0,"comment_status":"closed","ping_status":"closed","template":"","meta":{"footnotes":""},"class_list":["post-1116","page","type-page","status-publish","hentry"],"_links":{"self":[{"href":"https:\/\/www.ampaiesvilamajor.cat\/index.php\/wp-json\/wp\/v2\/pages\/1116","targetHints":{"allow":["GET"]}}],"collection":[{"href":"https:\/\/www.ampaiesvilamajor.cat\/index.php\/wp-json\/wp\/v2\/pages"}],"about":[{"href":"https:\/\/www.ampaiesvilamajor.cat\/index.php\/wp-json\/wp\/v2\/types\/page"}],"author":[{"embeddable":true,"href":"https:\/\/www.ampaiesvilamajor.cat\/index.php\/wp-json\/wp\/v2\/users\/1"}],"replies":[{"embeddable":true,"href":"https:\/\/www.ampaiesvilamajor.cat\/index.php\/wp-json\/wp\/v2\/comments?post=1116"}],"version-history":[{"count":14,"href":"https:\/\/www.ampaiesvilamajor.cat\/index.php\/wp-json\/wp\/v2\/pages\/1116\/revisions"}],"predecessor-version":[{"id":1249,"href":"https:\/\/www.ampaiesvilamajor.cat\/index.php\/wp-json\/wp\/v2\/pages\/1116\/revisions\/1249"}],"wp:attachment":[{"href":"https:\/\/www.ampaiesvilamajor.cat\/index.php\/wp-json\/wp\/v2\/media?parent=1116"}],"curies":[{"name":"wp","href":"https:\/\/api.w.org\/{rel}","templated":true}]}}